{"id":75,"date":"2021-09-02T21:05:33","date_gmt":"2021-09-02T21:05:33","guid":{"rendered":"https:\/\/albinotena.cat\/?page_id=75"},"modified":"2022-08-27T08:44:11","modified_gmt":"2022-08-27T08:44:11","slug":"agenda","status":"publish","type":"page","link":"https:\/\/albinotena.cat\/index.php\/agenda\/","title":{"rendered":"Agenda"},"content":{"rendered":"\t\t<div data-elementor-type=\"wp-page\" data-elementor-id=\"75\" class=\"elementor elementor-75\">\n\t\t\t\t\t\t<section class=\"elementor-section elementor-top-section elementor-element elementor-element-8f604b7 elementor-section-boxed elementor-section-height-default elementor-section-height-default\" data-id=\"8f604b7\" data-element_type=\"section\" data-e-type=\"section\">\n\t\t\t\t\t\t<div class=\"elementor-container elementor-column-gap-default\">\n\t\t\t\t\t<div class=\"elementor-column elementor-col-100 elementor-top-column elementor-element elementor-element-b1f894e\" data-id=\"b1f894e\" data-element_type=\"column\" data-e-type=\"column\">\n\t\t\t<div class=\"elementor-widget-wrap elementor-element-populated\">\n\t\t\t\t\t\t<div class=\"elementor-element elementor-element-2d02838 elementor-widget elementor-widget-heading\" data-id=\"2d02838\" data-element_type=\"widget\" data-e-type=\"widget\" data-widget_type=\"heading.default\">\n\t\t\t\t<div class=\"elementor-widget-container\">\n\t\t\t\t\t<h4 class=\"elementor-heading-title elementor-size-default\">Agenda<\/h4>\t\t\t\t<\/div>\n\t\t\t\t<\/div>\n\t\t\t\t\t<\/div>\n\t\t<\/div>\n\t\t\t\t\t<\/div>\n\t\t<\/section>\n\t\t\t\t<section class=\"elementor-section elementor-top-section elementor-element elementor-element-fe9d240 elementor-section-boxed elementor-section-height-default elementor-section-height-default\" data-id=\"fe9d240\" data-element_type=\"section\" data-e-type=\"section\">\n\t\t\t\t\t\t<div class=\"elementor-container elementor-column-gap-default\">\n\t\t\t\t\t<div class=\"elementor-column elementor-col-100 elementor-top-column elementor-element elementor-element-7a7e35d\" data-id=\"7a7e35d\" data-element_type=\"column\" data-e-type=\"column\">\n\t\t\t<div class=\"elementor-widget-wrap elementor-element-populated\">\n\t\t\t\t\t\t<div class=\"elementor-element elementor-element-0572010 elementor-widget elementor-widget-image\" data-id=\"0572010\" data-element_type=\"widget\" data-e-type=\"widget\" data-widget_type=\"image.default\">\n\t\t\t\t<div class=\"elementor-widget-container\">\n\t\t\t\t\t\t\t\t\t\t\t\t\t\t\t<img fetchpriority=\"high\" decoding=\"async\" width=\"1024\" height=\"294\" src=\"https:\/\/albinotena.cat\/wp-content\/uploads\/2021\/09\/Agenda-e1631655813298-1024x294.jpg\" class=\"attachment-large size-large wp-image-370\" alt=\"\" srcset=\"https:\/\/albinotena.cat\/wp-content\/uploads\/2021\/09\/Agenda-e1631655813298-1024x294.jpg 1024w, https:\/\/albinotena.cat\/wp-content\/uploads\/2021\/09\/Agenda-e1631655813298-300x86.jpg 300w, https:\/\/albinotena.cat\/wp-content\/uploads\/2021\/09\/Agenda-e1631655813298-768x221.jpg 768w, https:\/\/albinotena.cat\/wp-content\/uploads\/2021\/09\/Agenda-e1631655813298.jpg 1280w\" sizes=\"(max-width: 1024px) 100vw, 1024px\" \/>\t\t\t\t\t\t\t\t\t\t\t\t\t\t\t<\/div>\n\t\t\t\t<\/div>\n\t\t\t\t\t<\/div>\n\t\t<\/div>\n\t\t\t\t\t<\/div>\n\t\t<\/section>\n\t\t\t\t<section class=\"elementor-section elementor-top-section elementor-element elementor-element-601b285 elementor-section-boxed elementor-section-height-default elementor-section-height-default\" data-id=\"601b285\" data-element_type=\"section\" data-e-type=\"section\">\n\t\t\t\t\t\t<div class=\"elementor-container elementor-column-gap-default\">\n\t\t\t\t\t<div class=\"elementor-column elementor-col-100 elementor-top-column elementor-element elementor-element-3a47aa4\" data-id=\"3a47aa4\" data-element_type=\"column\" data-e-type=\"column\">\n\t\t\t<div class=\"elementor-widget-wrap elementor-element-populated\">\n\t\t\t\t\t\t<div class=\"elementor-element elementor-element-3795624 elementor-widget elementor-widget-event-listing\" data-id=\"3795624\" data-element_type=\"widget\" data-e-type=\"widget\" data-widget_type=\"event-listing.default\">\n\t\t\t\t<div class=\"elementor-widget-container\">\n\t\t\t\t\t<div class=\"event_listings\" data-location=\"\" data-keywords=\"\" data-show_filters=\"false\" data-show_pagination=\"false\" data-per_page=\"10\" data-orderby=\"event_start_date\" data-order=\"DESC\" data-datetimes=\"\" data-categories=\"\" data-event_types=\"\" data-ticket_prices=\"\" data-event_online=\"\" ><div class=\"wpem-main wpem-event-listings-header\">\r\n    <div class=\"wpem-row\">\r\n        <div class=\"wpem-col wpem-col-12 wpem-col-sm-6 wpem-col-md-6 wpem-col-lg-8\">\r\n            <div class=\"wpem-event-listing-header-title\">\r\n                                    <h2 class=\"wpem-heading-text\">Events<\/h2>\r\n                            <\/div>\r\n        <\/div>\r\n        <div class=\"wpem-col wpem-col-12 wpem-col-sm-6 wpem-col-md-6 wpem-col-lg-4\">\r\n            <div class=\"wpem-event-layout-action-wrapper\">\r\n                <div class=\"wpem-event-layout-action\">\r\n                                                                    <div class=\"wpem-event-layout-icon wpem-event-box-layout\" title=\"Events Box View\" id=\"wpem-event-box-layout\"><i class=\"wpem-icon-stop2\"><\/i><\/div>\r\n                        <div class=\"wpem-event-layout-icon wpem-event-list-layout wpem-active-layout\" title=\"Events List View\" id=\"wpem-event-list-layout\"><i class=\"wpem-icon-menu\"><\/i><\/div>\r\n                                                            <\/div>\r\n            <\/div>\r\n        <\/div>\r\n    <\/div>\r\n<\/div>\r\n\r\n<!-- Event listing view -->\r\n<div class=\"event_listings_main\">\r\n    <div id=\"event-listing-view\" class=\"wpem-main wpem-event-listings event_listings wpem-event-listing-list-view\" data-id=\"all\"><div class=\"wpem-event-box-col wpem-col wpem-col-12 wpem-col-md-6 wpem-col-lg-4\">\n    <!----- wpem-col-lg-4 value can be change by admin settings ------->\n    <div class=\"wpem-event-layout-wrapper\">\n        <div class=\"event_listing post-480 type-event_listing status-publish has-post-thumbnail hentry\">\n            <a href=\"https:\/\/albinotena.cat\/index.php\/event\/enllac-sj-raco-de-mig-cami\/\" class=\"wpem-event-action-url event-style-color \">\n                <div class=\"wpem-event-banner\">\n                    <div class=\"wpem-event-banner-img\" style=\"background-image: url(https:\/\/albinotena.cat\/wp-content\/uploads\/2021\/09\/Events-e1631655294102.jpg)\">\n                        <!-- Hide in list View \/\/ Show in Box View -->\n                                                <div class=\"wpem-event-date\">\n                            <div class=\"wpem-event-date-type\">\n                                                                    <div class=\"wpem-from-date\">\n                                        <div class=\"wpem-date\">24<\/div>\n                                        <div class=\"wpem-month\">Sep<\/div>\n                                    <\/div>\n                                                            <\/div>\n                        <\/div>\n                        <!-- Hide in list View \/\/ Show in Box View -->\n                    <\/div>\n                <\/div>\n\n                <div class=\"wpem-event-infomation\">\n                    <div class=\"wpem-event-date\">\n                        <div class=\"wpem-event-date-type\">\n                                                            <div class=\"wpem-from-date\">\n                                    <div class=\"wpem-date\">24<\/div>\n                                    <div class=\"wpem-month\">Sep<\/div>\n                                <\/div>\n                                                            <div class=\"wpem-to-date\">\n                                    <div class=\"wpem-date-separator\">-<\/div>\n                                    <div class=\"wpem-date\">24<\/div>\n                                    <div class=\"wpem-month\">Sep<\/div>\n                                <\/div>\n                                                    <\/div>\n                    <\/div>\n\n                    <div class=\"wpem-event-details\">\n                                                <div class=\"wpem-event-title\">\n                            <h3 class=\"wpem-heading-text\">Enlla\u00e7 S&#038;J Rac\u00f3 de Mig Cam\u00ed<\/h3>\n                        <\/div>\n\n                        <div class=\"wpem-event-date-time\">\n                            <span class=\"wpem-event-date-time-text\">\n                                24\/09\/2022                                 @ 20:00 (BST) - 24\/09\/2022                            <\/span>\n                        <\/div>\n                        <div class=\"wpem-event-location\">\n                            <span class=\"wpem-event-location-text\">\n                                Rac\u00f3 de Mig Cam\u00ed                            <\/span>\n                        <\/div>\n                        \n                        <!-- Show in list View \/\/ Hide in Box View -->\n                                                    <div class=\"wpem-event-ticket-type Free\" class=\"wpem-event-ticket-type-text\">\n                                <span class=\"wpem-event-ticket-type-text\">Free<\/span>\n                            <\/div>\n                                                <!-- Show in list View \/\/ Hide in Box View -->\n                                            <\/div>\n                <\/div>\n            <\/a>\n        <\/div>\n    <\/div>\n<\/div><div class=\"wpem-event-box-col wpem-col wpem-col-12 wpem-col-md-6 wpem-col-lg-4\">\n    <!----- wpem-col-lg-4 value can be change by admin settings ------->\n    <div class=\"wpem-event-layout-wrapper\">\n        <div class=\"event_listing post-517 type-event_listing status-publish has-post-thumbnail hentry\">\n            <a href=\"https:\/\/albinotena.cat\/index.php\/event\/enllac-js\/\" class=\"wpem-event-action-url event-style-color \">\n                <div class=\"wpem-event-banner\">\n                    <div class=\"wpem-event-banner-img\" style=\"background-image: url(https:\/\/albinotena.cat\/wp-content\/uploads\/2021\/09\/Events-e1631655294102.jpg)\">\n                        <!-- Hide in list View \/\/ Show in Box View -->\n                                                <div class=\"wpem-event-date\">\n                            <div class=\"wpem-event-date-type\">\n                                                                    <div class=\"wpem-from-date\">\n                                        <div class=\"wpem-date\">24<\/div>\n                                        <div class=\"wpem-month\">Sep<\/div>\n                                    <\/div>\n                                                            <\/div>\n                        <\/div>\n                        <!-- Hide in list View \/\/ Show in Box View -->\n                    <\/div>\n                <\/div>\n\n                <div class=\"wpem-event-infomation\">\n                    <div class=\"wpem-event-date\">\n                        <div class=\"wpem-event-date-type\">\n                                                            <div class=\"wpem-from-date\">\n                                    <div class=\"wpem-date\">24<\/div>\n                                    <div class=\"wpem-month\">Sep<\/div>\n                                <\/div>\n                                                            <div class=\"wpem-to-date\">\n                                    <div class=\"wpem-date-separator\">-<\/div>\n                                    <div class=\"wpem-date\">24<\/div>\n                                    <div class=\"wpem-month\">Sep<\/div>\n                                <\/div>\n                                                    <\/div>\n                    <\/div>\n\n                    <div class=\"wpem-event-details\">\n                                                <div class=\"wpem-event-title\">\n                            <h3 class=\"wpem-heading-text\">Enlla\u00e7 R&#038;J<\/h3>\n                        <\/div>\n\n                        <div class=\"wpem-event-date-time\">\n                            <span class=\"wpem-event-date-time-text\">\n                                24\/09\/2022                                 @ 12:00 (BST) - 24\/09\/2022                            <\/span>\n                        <\/div>\n                        <div class=\"wpem-event-location\">\n                            <span class=\"wpem-event-location-text\">\n                                Riomar (Deltebre)                            <\/span>\n                        <\/div>\n                        \n                        <!-- Show in list View \/\/ Hide in Box View -->\n                                                <!-- Show in list View \/\/ Hide in Box View -->\n                                            <\/div>\n                <\/div>\n            <\/a>\n        <\/div>\n    <\/div>\n<\/div><div class=\"wpem-event-box-col wpem-col wpem-col-12 wpem-col-md-6 wpem-col-lg-4\">\n    <!----- wpem-col-lg-4 value can be change by admin settings ------->\n    <div class=\"wpem-event-layout-wrapper\">\n        <div class=\"event_listing post-479 type-event_listing status-publish has-post-thumbnail hentry\">\n            <a href=\"https:\/\/albinotena.cat\/index.php\/event\/concert-festes-benifallet\/\" class=\"wpem-event-action-url event-style-color \">\n                <div class=\"wpem-event-banner\">\n                    <div class=\"wpem-event-banner-img\" style=\"background-image: url(https:\/\/albinotena.cat\/wp-content\/uploads\/2021\/09\/photo5911486832258955118.jpg)\">\n                        <!-- Hide in list View \/\/ Show in Box View -->\n                                                <div class=\"wpem-event-date\">\n                            <div class=\"wpem-event-date-type\">\n                                                                    <div class=\"wpem-from-date\">\n                                        <div class=\"wpem-date\">09<\/div>\n                                        <div class=\"wpem-month\">Sep<\/div>\n                                    <\/div>\n                                                            <\/div>\n                        <\/div>\n                        <!-- Hide in list View \/\/ Show in Box View -->\n                    <\/div>\n                <\/div>\n\n                <div class=\"wpem-event-infomation\">\n                    <div class=\"wpem-event-date\">\n                        <div class=\"wpem-event-date-type\">\n                                                            <div class=\"wpem-from-date\">\n                                    <div class=\"wpem-date\">09<\/div>\n                                    <div class=\"wpem-month\">Sep<\/div>\n                                <\/div>\n                                                    <\/div>\n                    <\/div>\n\n                    <div class=\"wpem-event-details\">\n                                                <div class=\"wpem-event-title\">\n                            <h3 class=\"wpem-heading-text\">Concert Festes de Benifallet           Albino Tena i Manel Mir\u00f3<\/h3>\n                        <\/div>\n\n                        <div class=\"wpem-event-date-time\">\n                            <span class=\"wpem-event-date-time-text\">\n                                09\/09\/2022                                 @ 22:30 (BST)                            <\/span>\n                        <\/div>\n                        <div class=\"wpem-event-location\">\n                            <span class=\"wpem-event-location-text\">\n                                Benifallet                            <\/span>\n                        <\/div>\n                        \n                        <!-- Show in list View \/\/ Hide in Box View -->\n                                                    <div class=\"wpem-event-ticket-type Free\" class=\"wpem-event-ticket-type-text\">\n                                <span class=\"wpem-event-ticket-type-text\">Free<\/span>\n                            <\/div>\n                                                <!-- Show in list View \/\/ Hide in Box View -->\n                                            <\/div>\n                <\/div>\n            <\/a>\n        <\/div>\n    <\/div>\n<\/div><div class=\"wpem-event-box-col wpem-col wpem-col-12 wpem-col-md-6 wpem-col-lg-4\">\n    <!----- wpem-col-lg-4 value can be change by admin settings ------->\n    <div class=\"wpem-event-layout-wrapper\">\n        <div class=\"event_listing post-475 type-event_listing status-publish has-post-thumbnail hentry\">\n            <a href=\"https:\/\/albinotena.cat\/index.php\/event\/concert-festes-de-la-cinta-2022\/\" class=\"wpem-event-action-url event-style-color \">\n                <div class=\"wpem-event-banner\">\n                    <div class=\"wpem-event-banner-img\" style=\"background-image: url(https:\/\/albinotena.cat\/wp-content\/uploads\/2021\/09\/FotoGallery-III-.jpg)\">\n                        <!-- Hide in list View \/\/ Show in Box View -->\n                                                <div class=\"wpem-event-date\">\n                            <div class=\"wpem-event-date-type\">\n                                                                    <div class=\"wpem-from-date\">\n                                        <div class=\"wpem-date\">03<\/div>\n                                        <div class=\"wpem-month\">Sep<\/div>\n                                    <\/div>\n                                                            <\/div>\n                        <\/div>\n                        <!-- Hide in list View \/\/ Show in Box View -->\n                    <\/div>\n                <\/div>\n\n                <div class=\"wpem-event-infomation\">\n                    <div class=\"wpem-event-date\">\n                        <div class=\"wpem-event-date-type\">\n                                                            <div class=\"wpem-from-date\">\n                                    <div class=\"wpem-date\">03<\/div>\n                                    <div class=\"wpem-month\">Sep<\/div>\n                                <\/div>\n                                                    <\/div>\n                    <\/div>\n\n                    <div class=\"wpem-event-details\">\n                                                <div class=\"wpem-event-title\">\n                            <h3 class=\"wpem-heading-text\">Concert Festes de la Cinta 2022. Albino Tena i The Cool Band<\/h3>\n                        <\/div>\n\n                        <div class=\"wpem-event-date-time\">\n                            <span class=\"wpem-event-date-time-text\">\n                                03\/09\/2022                                 @ 22:00 (BST)                            <\/span>\n                        <\/div>\n                        <div class=\"wpem-event-location\">\n                            <span class=\"wpem-event-location-text\">\n                                Tortosa                            <\/span>\n                        <\/div>\n                        \n                        <!-- Show in list View \/\/ Hide in Box View -->\n                                                    <div class=\"wpem-event-ticket-type Free\" class=\"wpem-event-ticket-type-text\">\n                                <span class=\"wpem-event-ticket-type-text\">Free<\/span>\n                            <\/div>\n                                                <!-- Show in list View \/\/ Hide in Box View -->\n                                            <\/div>\n                <\/div>\n            <\/a>\n        <\/div>\n    <\/div>\n<\/div><div class=\"wpem-event-box-col wpem-col wpem-col-12 wpem-col-md-6 wpem-col-lg-4\">\n    <!----- wpem-col-lg-4 value can be change by admin settings ------->\n    <div class=\"wpem-event-layout-wrapper\">\n        <div class=\"event_listing post-494 type-event_listing status-publish has-post-thumbnail hentry\">\n            <a href=\"https:\/\/albinotena.cat\/index.php\/event\/enllac-rj\/\" class=\"wpem-event-action-url event-style-color \">\n                <div class=\"wpem-event-banner\">\n                    <div class=\"wpem-event-banner-img\" style=\"background-image: url(https:\/\/albinotena.cat\/wp-content\/uploads\/2022\/08\/5Kepa_Fuentes_Fotografia_ALBINO_as-scaled.jpg)\">\n                        <!-- Hide in list View \/\/ Show in Box View -->\n                                                <div class=\"wpem-event-date\">\n                            <div class=\"wpem-event-date-type\">\n                                                                    <div class=\"wpem-from-date\">\n                                        <div class=\"wpem-date\">27<\/div>\n                                        <div class=\"wpem-month\">Ago<\/div>\n                                    <\/div>\n                                                            <\/div>\n                        <\/div>\n                        <!-- Hide in list View \/\/ Show in Box View -->\n                    <\/div>\n                <\/div>\n\n                <div class=\"wpem-event-infomation\">\n                    <div class=\"wpem-event-date\">\n                        <div class=\"wpem-event-date-type\">\n                                                            <div class=\"wpem-from-date\">\n                                    <div class=\"wpem-date\">27<\/div>\n                                    <div class=\"wpem-month\">Ago<\/div>\n                                <\/div>\n                                                    <\/div>\n                    <\/div>\n\n                    <div class=\"wpem-event-details\">\n                                                <div class=\"wpem-event-title\">\n                            <h3 class=\"wpem-heading-text\">Enlla\u00e7 R&#038;J<\/h3>\n                        <\/div>\n\n                        <div class=\"wpem-event-date-time\">\n                            <span class=\"wpem-event-date-time-text\">\n                                27\/08\/2022                                 - 12:00 (BST)                            <\/span>\n                        <\/div>\n                        <div class=\"wpem-event-location\">\n                            <span class=\"wpem-event-location-text\">\n                                -                            <\/span>\n                        <\/div>\n                        \n                        <!-- Show in list View \/\/ Hide in Box View -->\n                                                <!-- Show in list View \/\/ Hide in Box View -->\n                                            <\/div>\n                <\/div>\n            <\/a>\n        <\/div>\n    <\/div>\n<\/div><div class=\"wpem-event-box-col wpem-col wpem-col-12 wpem-col-md-6 wpem-col-lg-4\">\n    <!----- wpem-col-lg-4 value can be change by admin settings ------->\n    <div class=\"wpem-event-layout-wrapper\">\n        <div class=\"event_listing post-496 type-event_listing status-publish has-post-thumbnail hentry\">\n            <a href=\"https:\/\/albinotena.cat\/index.php\/event\/concert-dalbino-tena-als-ports-refugi-de-la-uec\/\" class=\"wpem-event-action-url event-style-color \">\n                <div class=\"wpem-event-banner\">\n                    <div class=\"wpem-event-banner-img\" style=\"background-image: url(https:\/\/albinotena.cat\/wp-content\/uploads\/2022\/08\/WhatsApp-Image-2022-08-16-at-8.35.33-PM.jpeg)\">\n                        <!-- Hide in list View \/\/ Show in Box View -->\n                                                <div class=\"wpem-event-date\">\n                            <div class=\"wpem-event-date-type\">\n                                                                    <div class=\"wpem-from-date\">\n                                        <div class=\"wpem-date\">20<\/div>\n                                        <div class=\"wpem-month\">Ago<\/div>\n                                    <\/div>\n                                                            <\/div>\n                        <\/div>\n                        <!-- Hide in list View \/\/ Show in Box View -->\n                    <\/div>\n                <\/div>\n\n                <div class=\"wpem-event-infomation\">\n                    <div class=\"wpem-event-date\">\n                        <div class=\"wpem-event-date-type\">\n                                                            <div class=\"wpem-from-date\">\n                                    <div class=\"wpem-date\">20<\/div>\n                                    <div class=\"wpem-month\">Ago<\/div>\n                                <\/div>\n                                                    <\/div>\n                    <\/div>\n\n                    <div class=\"wpem-event-details\">\n                                                <div class=\"wpem-event-title\">\n                            <h3 class=\"wpem-heading-text\">Concert d&#8217;Albino Tena als Ports (Refugi de la UEC)<\/h3>\n                        <\/div>\n\n                        <div class=\"wpem-event-date-time\">\n                            <span class=\"wpem-event-date-time-text\">\n                                20\/08\/2022                                 - 22:00 (BST)                            <\/span>\n                        <\/div>\n                        <div class=\"wpem-event-location\">\n                            <span class=\"wpem-event-location-text\">\n                                -                            <\/span>\n                        <\/div>\n                        \n                        <!-- Show in list View \/\/ Hide in Box View -->\n                                                <!-- Show in list View \/\/ Hide in Box View -->\n                                            <\/div>\n                <\/div>\n            <\/a>\n        <\/div>\n    <\/div>\n<\/div><div class=\"wpem-event-box-col wpem-col wpem-col-12 wpem-col-md-6 wpem-col-lg-4\">\n    <!----- wpem-col-lg-4 value can be change by admin settings ------->\n    <div class=\"wpem-event-layout-wrapper\">\n        <div class=\"event_listing post-491 type-event_listing status-publish has-post-thumbnail hentry\">\n            <a href=\"https:\/\/albinotena.cat\/index.php\/event\/sopar-concert-al-parador-nacional-de-la-zuda-de-tortosa\/\" class=\"wpem-event-action-url event-style-color \">\n                <div class=\"wpem-event-banner\">\n                    <div class=\"wpem-event-banner-img\" style=\"background-image: url(https:\/\/albinotena.cat\/wp-content\/uploads\/2022\/08\/P2880105_resized.jpg)\">\n                        <!-- Hide in list View \/\/ Show in Box View -->\n                                                <div class=\"wpem-event-date\">\n                            <div class=\"wpem-event-date-type\">\n                                                                    <div class=\"wpem-from-date\">\n                                        <div class=\"wpem-date\">12<\/div>\n                                        <div class=\"wpem-month\">Ago<\/div>\n                                    <\/div>\n                                                            <\/div>\n                        <\/div>\n                        <!-- Hide in list View \/\/ Show in Box View -->\n                    <\/div>\n                <\/div>\n\n                <div class=\"wpem-event-infomation\">\n                    <div class=\"wpem-event-date\">\n                        <div class=\"wpem-event-date-type\">\n                                                            <div class=\"wpem-from-date\">\n                                    <div class=\"wpem-date\">12<\/div>\n                                    <div class=\"wpem-month\">Ago<\/div>\n                                <\/div>\n                                                    <\/div>\n                    <\/div>\n\n                    <div class=\"wpem-event-details\">\n                                                <div class=\"wpem-event-title\">\n                            <h3 class=\"wpem-heading-text\">Sopar-concert al Parador Nacional de la Suda de Tortosa<\/h3>\n                        <\/div>\n\n                        <div class=\"wpem-event-date-time\">\n                            <span class=\"wpem-event-date-time-text\">\n                                12\/08\/2022                                 - 21:00 (BST)                            <\/span>\n                        <\/div>\n                        <div class=\"wpem-event-location\">\n                            <span class=\"wpem-event-location-text\">\n                                Tortosa                            <\/span>\n                        <\/div>\n                        \n                        <!-- Show in list View \/\/ Hide in Box View -->\n                                                <!-- Show in list View \/\/ Hide in Box View -->\n                                            <\/div>\n                <\/div>\n            <\/a>\n        <\/div>\n    <\/div>\n<\/div><div class=\"wpem-event-box-col wpem-col wpem-col-12 wpem-col-md-6 wpem-col-lg-4\">\n    <!----- wpem-col-lg-4 value can be change by admin settings ------->\n    <div class=\"wpem-event-layout-wrapper\">\n        <div class=\"event_listing post-186 type-event_listing status-publish has-post-thumbnail hentry\">\n            <a href=\"https:\/\/albinotena.cat\/index.php\/event\/presentacio-de-lalbum-cap-a-on-vas\/\" class=\"wpem-event-action-url event-style-color \">\n                <div class=\"wpem-event-banner\">\n                    <div class=\"wpem-event-banner-img\" style=\"background-image: url(https:\/\/albinotena.cat\/wp-content\/uploads\/2021\/09\/FotoGallery-I-.jpg)\">\n                        <!-- Hide in list View \/\/ Show in Box View -->\n                                                <div class=\"wpem-event-date\">\n                            <div class=\"wpem-event-date-type\">\n                                                                    <div class=\"wpem-from-date\">\n                                        <div class=\"wpem-date\">06<\/div>\n                                        <div class=\"wpem-month\">Ago<\/div>\n                                    <\/div>\n                                                            <\/div>\n                        <\/div>\n                        <!-- Hide in list View \/\/ Show in Box View -->\n                    <\/div>\n                <\/div>\n\n                <div class=\"wpem-event-infomation\">\n                    <div class=\"wpem-event-date\">\n                        <div class=\"wpem-event-date-type\">\n                                                            <div class=\"wpem-from-date\">\n                                    <div class=\"wpem-date\">06<\/div>\n                                    <div class=\"wpem-month\">Ago<\/div>\n                                <\/div>\n                                                    <\/div>\n                    <\/div>\n\n                    <div class=\"wpem-event-details\">\n                                                <div class=\"wpem-event-title\">\n                            <h3 class=\"wpem-heading-text\">Concert al Mas de Barberans. Albino Tena i The Cool Band<\/h3>\n                        <\/div>\n\n                        <div class=\"wpem-event-date-time\">\n                            <span class=\"wpem-event-date-time-text\">\n                                06\/08\/2022                                 @ 22:00 (CEST)                            <\/span>\n                        <\/div>\n                        <div class=\"wpem-event-location\">\n                            <span class=\"wpem-event-location-text\">\n                                Tortosa                            <\/span>\n                        <\/div>\n                        \n                        <!-- Show in list View \/\/ Hide in Box View -->\n                                                    <div class=\"wpem-event-ticket-type Free\" class=\"wpem-event-ticket-type-text\">\n                                <span class=\"wpem-event-ticket-type-text\">Free<\/span>\n                            <\/div>\n                                                <!-- Show in list View \/\/ Hide in Box View -->\n                                            <\/div>\n                <\/div>\n            <\/a>\n        <\/div>\n    <\/div>\n<\/div><div class=\"wpem-event-box-col wpem-col wpem-col-12 wpem-col-md-6 wpem-col-lg-4\">\n    <!----- wpem-col-lg-4 value can be change by admin settings ------->\n    <div class=\"wpem-event-layout-wrapper\">\n        <div class=\"event_listing post-461 type-event_listing status-publish has-post-thumbnail hentry\">\n            <a href=\"https:\/\/albinotena.cat\/index.php\/event\/sopar-concert-al-parador-nacional-de-turisme-del-castell-de-suda\/\" class=\"wpem-event-action-url event-style-color \">\n                <div class=\"wpem-event-banner\">\n                    <div class=\"wpem-event-banner-img\" style=\"background-image: url(https:\/\/albinotena.cat\/wp-content\/uploads\/2021\/09\/FotoGallery-II-.jpg)\">\n                        <!-- Hide in list View \/\/ Show in Box View -->\n                                                <div class=\"wpem-event-date\">\n                            <div class=\"wpem-event-date-type\">\n                                                                    <div class=\"wpem-from-date\">\n                                        <div class=\"wpem-date\">05<\/div>\n                                        <div class=\"wpem-month\">Ago<\/div>\n                                    <\/div>\n                                                            <\/div>\n                        <\/div>\n                        <!-- Hide in list View \/\/ Show in Box View -->\n                    <\/div>\n                <\/div>\n\n                <div class=\"wpem-event-infomation\">\n                    <div class=\"wpem-event-date\">\n                        <div class=\"wpem-event-date-type\">\n                                                            <div class=\"wpem-from-date\">\n                                    <div class=\"wpem-date\">05<\/div>\n                                    <div class=\"wpem-month\">Ago<\/div>\n                                <\/div>\n                                                    <\/div>\n                    <\/div>\n\n                    <div class=\"wpem-event-details\">\n                                                <div class=\"wpem-event-title\">\n                            <h3 class=\"wpem-heading-text\">Sopar-concert al Parador Nacional de la Suda de Tortosa<\/h3>\n                        <\/div>\n\n                        <div class=\"wpem-event-date-time\">\n                            <span class=\"wpem-event-date-time-text\">\n                                05\/08\/2022                                 @ 20:30 (BST)                            <\/span>\n                        <\/div>\n                        <div class=\"wpem-event-location\">\n                            <span class=\"wpem-event-location-text\">\n                                Parador Nacional de Turisme Castell de la Suda                            <\/span>\n                        <\/div>\n                        \n                        <!-- Show in list View \/\/ Hide in Box View -->\n                                                    <div class=\"wpem-event-ticket-type Paid\" class=\"wpem-event-ticket-type-text\">\n                                <span class=\"wpem-event-ticket-type-text\">Paid<\/span>\n                            <\/div>\n                                                <!-- Show in list View \/\/ Hide in Box View -->\n                                            <\/div>\n                <\/div>\n            <\/a>\n        <\/div>\n    <\/div>\n<\/div><div class=\"wpem-event-box-col wpem-col wpem-col-12 wpem-col-md-6 wpem-col-lg-4\">\n    <!----- wpem-col-lg-4 value can be change by admin settings ------->\n    <div class=\"wpem-event-layout-wrapper\">\n        <div class=\"event_listing post-498 type-event_listing status-publish has-post-thumbnail hentry\">\n            <a href=\"https:\/\/albinotena.cat\/index.php\/event\/concert-dinauguracio-del-centre-polivalent-de-benifallet-albino-tena-manel-miro\/\" class=\"wpem-event-action-url event-style-color \">\n                <div class=\"wpem-event-banner\">\n                    <div class=\"wpem-event-banner-img\" style=\"background-image: url(https:\/\/albinotena.cat\/wp-content\/uploads\/2022\/08\/P1130420.jpg)\">\n                        <!-- Hide in list View \/\/ Show in Box View -->\n                                                <div class=\"wpem-event-date\">\n                            <div class=\"wpem-event-date-type\">\n                                                                    <div class=\"wpem-from-date\">\n                                        <div class=\"wpem-date\">24<\/div>\n                                        <div class=\"wpem-month\">Jun<\/div>\n                                    <\/div>\n                                                            <\/div>\n                        <\/div>\n                        <!-- Hide in list View \/\/ Show in Box View -->\n                    <\/div>\n                <\/div>\n\n                <div class=\"wpem-event-infomation\">\n                    <div class=\"wpem-event-date\">\n                        <div class=\"wpem-event-date-type\">\n                                                            <div class=\"wpem-from-date\">\n                                    <div class=\"wpem-date\">24<\/div>\n                                    <div class=\"wpem-month\">Jun<\/div>\n                                <\/div>\n                                                    <\/div>\n                    <\/div>\n\n                    <div class=\"wpem-event-details\">\n                                                <div class=\"wpem-event-title\">\n                            <h3 class=\"wpem-heading-text\">Concert d&#8217;inauguraci\u00f3 del Centre Polivalent de Benifallet.   Albino Tena &#038; Manel Mir\u00f3<\/h3>\n                        <\/div>\n\n                        <div class=\"wpem-event-date-time\">\n                            <span class=\"wpem-event-date-time-text\">\n                                24\/06\/2022                                                            <\/span>\n                        <\/div>\n                        <div class=\"wpem-event-location\">\n                            <span class=\"wpem-event-location-text\">\n                                -                            <\/span>\n                        <\/div>\n                        \n                        <!-- Show in list View \/\/ Hide in Box View -->\n                                                <!-- Show in list View \/\/ Hide in Box View -->\n                                            <\/div>\n                <\/div>\n            <\/a>\n        <\/div>\n    <\/div>\n<\/div><\/div>\n\t\t\t\t<div id=\"load_more_events_loader\">\n\t\t\t\t\t<a class=\"load_more_events\" id=\"load_more_events\" href=\"#\" ><strong>Load more listings<\/strong><\/a>\n\t\t\t\t<\/div>\n\t\t\t<\/div>\n<\/div>\t\t\t\t<\/div>\n\t\t\t\t<\/div>\n\t\t\t\t\t<\/div>\n\t\t<\/div>\n\t\t\t\t\t<\/div>\n\t\t<\/section>\n\t\t\t\t<section class=\"elementor-section elementor-top-section elementor-element elementor-element-035ff91 elementor-section-boxed elementor-section-height-default elementor-section-height-default\" data-id=\"035ff91\" data-element_type=\"section\" data-e-type=\"section\">\n\t\t\t\t\t\t<div class=\"elementor-container elementor-column-gap-default\">\n\t\t\t\t\t<div class=\"elementor-column elementor-col-100 elementor-top-column elementor-element elementor-element-4c12667\" data-id=\"4c12667\" data-element_type=\"column\" data-e-type=\"column\">\n\t\t\t<div class=\"elementor-widget-wrap\">\n\t\t\t\t\t\t\t<\/div>\n\t\t<\/div>\n\t\t\t\t\t<\/div>\n\t\t<\/section>\n\t\t\t\t<section class=\"elementor-section elementor-top-section elementor-element elementor-element-375d13e elementor-section-boxed elementor-section-height-default elementor-section-height-default\" data-id=\"375d13e\" data-element_type=\"section\" data-e-type=\"section\">\n\t\t\t\t\t\t<div class=\"elementor-container elementor-column-gap-default\">\n\t\t\t\t\t<div class=\"elementor-column elementor-col-50 elementor-top-column elementor-element elementor-element-9a74c00\" data-id=\"9a74c00\" data-element_type=\"column\" data-e-type=\"column\">\n\t\t\t<div class=\"elementor-widget-wrap\">\n\t\t\t\t\t\t\t<\/div>\n\t\t<\/div>\n\t\t\t\t<div class=\"elementor-column elementor-col-50 elementor-top-column elementor-element elementor-element-7bebeb4\" data-id=\"7bebeb4\" data-element_type=\"column\" data-e-type=\"column\">\n\t\t\t<div class=\"elementor-widget-wrap\">\n\t\t\t\t\t\t\t<\/div>\n\t\t<\/div>\n\t\t\t\t\t<\/div>\n\t\t<\/section>\n\t\t\t\t<\/div>\n\t\t","protected":false},"excerpt":{"rendered":"<p>Agenda Events 05 Ago 05 Ago Sopar- Concert al Parador Nacional de Turisme del Castell de Suda 05\/08\/2022 @ 20:30 (BST) Parador Nacional de Turisme Castell de la Suda Paid 01 Ago 01 Ago Concert a Sant Josep de la Muntanya 01\/08\/2022 @ 20:00 (CEST) Tortosa Free<\/p>\n","protected":false},"author":1,"featured_media":0,"parent":0,"menu_order":0,"comment_status":"closed","ping_status":"closed","template":"","meta":{"site-sidebar-layout":"no-sidebar","site-content-layout":"page-builder","ast-site-content-layout":"default","site-content-style":"default","site-sidebar-style":"default","ast-global-header-display":"","ast-banner-title-visibility":"","ast-main-header-display":"","ast-hfb-above-header-display":"","ast-hfb-below-header-display":"","ast-hfb-mobile-header-display":"","site-post-title":"disabled","ast-breadcrumbs-content":"","ast-featured-img":"disabled","footer-sml-layout":"","ast-disable-related-posts":"","theme-transparent-header-meta":"default","adv-header-id-meta":"","stick-header-meta":"","header-above-stick-meta":"","header-main-stick-meta":"","header-below-stick-meta":"","astra-migrate-meta-layouts":"default","ast-page-background-enabled":"default","ast-page-background-meta":{"desktop":{"background-color":"var(--ast-global-color-4)","background-image":"","background-repeat":"repeat","background-position":"center center","background-size":"auto","background-attachment":"scroll","background-type":"","background-media":"","overlay-type":"","overlay-color":"","overlay-opacity":"","overlay-gradient":""},"tablet":{"background-color":"","background-image":"","background-repeat":"repeat","background-position":"center center","background-size":"auto","background-attachment":"scroll","background-type":"","background-media":"","overlay-type":"","overlay-color":"","overlay-opacity":"","overlay-gradient":""},"mobile":{"background-color":"","background-image":"","background-repeat":"repeat","background-position":"center center","background-size":"auto","background-attachment":"scroll","background-type":"","background-media":"","overlay-type":"","overlay-color":"","overlay-opacity":"","overlay-gradient":""}},"ast-content-background-meta":{"desktop":{"background-color":"var(--ast-global-color-5)","background-image":"","background-repeat":"repeat","background-position":"center center","background-size":"auto","background-attachment":"scroll","background-type":"","background-media":"","overlay-type":"","overlay-color":"","overlay-opacity":"","overlay-gradient":""},"tablet":{"background-color":"var(--ast-global-color-5)","background-image":"","background-repeat":"repeat","background-position":"center center","background-size":"auto","background-attachment":"scroll","background-type":"","background-media":"","overlay-type":"","overlay-color":"","overlay-opacity":"","overlay-gradient":""},"mobile":{"background-color":"var(--ast-global-color-5)","background-image":"","background-repeat":"repeat","background-position":"center center","background-size":"auto","background-attachment":"scroll","background-type":"","background-media":"","overlay-type":"","overlay-color":"","overlay-opacity":"","overlay-gradient":""}},"footnotes":""},"class_list":["post-75","page","type-page","status-publish","hentry"],"_links":{"self":[{"href":"https:\/\/albinotena.cat\/index.php\/wp-json\/wp\/v2\/pages\/75","targetHints":{"allow":["GET"]}}],"collection":[{"href":"https:\/\/albinotena.cat\/index.php\/wp-json\/wp\/v2\/pages"}],"about":[{"href":"https:\/\/albinotena.cat\/index.php\/wp-json\/wp\/v2\/types\/page"}],"author":[{"embeddable":true,"href":"https:\/\/albinotena.cat\/index.php\/wp-json\/wp\/v2\/users\/1"}],"replies":[{"embeddable":true,"href":"https:\/\/albinotena.cat\/index.php\/wp-json\/wp\/v2\/comments?post=75"}],"version-history":[{"count":45,"href":"https:\/\/albinotena.cat\/index.php\/wp-json\/wp\/v2\/pages\/75\/revisions"}],"predecessor-version":[{"id":474,"href":"https:\/\/albinotena.cat\/index.php\/wp-json\/wp\/v2\/pages\/75\/revisions\/474"}],"wp:attachment":[{"href":"https:\/\/albinotena.cat\/index.php\/wp-json\/wp\/v2\/media?parent=75"}],"curies":[{"name":"wp","href":"https:\/\/api.w.org\/{rel}","templated":true}]}}